{"id":12744,"date":"2023-04-25T14:55:26","date_gmt":"2023-04-25T12:55:26","guid":{"rendered":"https:\/\/www.rossocorsa.com\/?post_type=portfolio&#038;p=12744"},"modified":"2025-07-24T12:17:10","modified_gmt":"2025-07-24T10:17:10","slug":"ferrari-458-speciale-9","status":"publish","type":"portfolio","link":"https:\/\/www.rossocorsa.com\/it\/portafoglio\/ferrari-458-speciale-9\/","title":{"rendered":"Ferrari 458 Speciale"},"content":{"rendered":"<p data-start=\"171\" data-end=\"290\">La Ferrari ha riversato tutta la sua esperienza motoristica in questa meraviglia: niente di meno che una BESTIA da 606 cavalli.<\/p>\n<p data-start=\"292\" data-end=\"647\">La <strong data-start=\"296\" data-end=\"320\">Ferrari 458 Speciale<\/strong> \u00e8 un'auto sportiva moderna e sorprendente che fa subito parlare di s\u00e9 con il suo iconico design. <em data-start=\"397\" data-end=\"411\">Nero Daytona<\/em>esterno. I suoi sedili da corsa mozzafiato vi faranno sentire il brivido prima ancora di toccare l'acceleratore... Questa sensazione non pu\u00f2 essere espressa a parole! E il volante in fibra di carbonio \u00e8 completamente attrezzato per una guida ad alta intensit\u00e0.<\/p>\n<p data-start=\"649\" data-end=\"942\">Ma il vero capolavoro si trova nella parte posteriore: il <strong data-start=\"696\" data-end=\"709\">Motore V8<\/strong> di questa 458 Speciale \u00e8 una vera e propria opera d'arte ingegneristica. Questa macchina meticolosamente realizzata mette in mostra le ultime novit\u00e0 della tecnologia dei motori come mai prima d'ora: la potenza grezza di un'auto da corsa nelle vostre mani. <strong data-start=\"910\" data-end=\"942\">Un'esperienza senza precedenti.<\/strong><\/p>\n<p data-start=\"944\" data-end=\"967\"><strong data-start=\"944\" data-end=\"967\">Registrato in Spagna<\/strong><\/p>\n<p data-start=\"974\" data-end=\"993\"><strong data-start=\"974\" data-end=\"993\">Specifiche<\/strong><\/p>\n<ul data-start=\"995\" data-end=\"1505\">\n<li data-start=\"995\" data-end=\"1020\">\n<p data-start=\"997\" data-end=\"1020\">Esterno Nero Daytona<\/p>\n<\/li>\n<li data-start=\"1021\" data-end=\"1044\">\n<p data-start=\"1023\" data-end=\"1044\">Sedili in pelle nera<\/p>\n<\/li>\n<li data-start=\"1045\" data-end=\"1077\">\n<p data-start=\"1047\" data-end=\"1077\">Sensori di parcheggio anteriori e posteriori<\/p>\n<\/li>\n<li data-start=\"1078\" data-end=\"1100\">\n<p data-start=\"1080\" data-end=\"1100\">Pinze freno rosse<\/p>\n<\/li>\n<li data-start=\"1101\" data-end=\"1131\">\n<p data-start=\"1103\" data-end=\"1131\">Coperchi motore in fibra di carbonio<\/p>\n<\/li>\n<li data-start=\"1132\" data-end=\"1151\">\n<p data-start=\"1134\" data-end=\"1151\">Cinture di sicurezza rosa<\/p>\n<\/li>\n<li data-start=\"1152\" data-end=\"1176\">\n<p data-start=\"1154\" data-end=\"1176\">Tunnel inferiore in pelle<\/p>\n<\/li>\n<li data-start=\"1177\" data-end=\"1205\">\n<p data-start=\"1179\" data-end=\"1205\">Sistema di telemetria Ferrari<\/p>\n<\/li>\n<li data-start=\"1206\" data-end=\"1233\">\n<p data-start=\"1208\" data-end=\"1233\">Cruscotto superiore colorato<\/p>\n<\/li>\n<li data-start=\"1234\" data-end=\"1263\">\n<p data-start=\"1236\" data-end=\"1263\">Parabrezza isolato termicamente<\/p>\n<\/li>\n<li data-start=\"1264\" data-end=\"1291\">\n<p data-start=\"1266\" data-end=\"1291\">Rivestimento in pelle<\/p>\n<\/li>\n<li data-start=\"1292\" data-end=\"1316\">\n<p data-start=\"1294\" data-end=\"1316\">Manuale d'uso incluso<\/p>\n<\/li>\n<li data-start=\"1317\" data-end=\"1341\">\n<p data-start=\"1319\" data-end=\"1341\">Passaruota in pelle<\/p>\n<\/li>\n<li data-start=\"1342\" data-end=\"1386\">\n<p data-start=\"1344\" data-end=\"1386\">Specchietti retrovisori interni\/esterni elettrocromici<\/p>\n<\/li>\n<li data-start=\"1387\" data-end=\"1419\">\n<p data-start=\"1389\" data-end=\"1419\">Sistema Radionavi + Bluetooth<\/p>\n<\/li>\n<li data-start=\"1420\" data-end=\"1455\">\n<p data-start=\"1422\" data-end=\"1455\">Cerchi forgiati da 20\u2033 verniciati in bianco<\/p>\n<\/li>\n<li data-start=\"1456\" data-end=\"1475\">\n<p data-start=\"1458\" data-end=\"1475\">Contagiri rosso<\/p>\n<\/li>\n<li data-start=\"1476\" data-end=\"1505\">\n<p data-start=\"1478\" data-end=\"1505\">Sedili da corsa in fibra di carbonio<\/p>\n<\/li>\n<\/ul>\n<hr data-start=\"1507\" data-end=\"1510\" \/>","protected":false},"excerpt":{"rendered":"<p>Il mio nome \u00e8 Gina<\/p>","protected":false},"featured_media":12746,"template":"","meta":[],"automobile":[31],"features":[],"class_list":["post-12744","portfolio","type-portfolio","status-publish","has-post-thumbnail","hentry","automobile-31"],"acf":[],"_links":{"self":[{"href":"https:\/\/www.rossocorsa.com\/it\/wp-json\/wp\/v2\/portfolio\/12744","targetHints":{"allow":["GET"]}}],"collection":[{"href":"https:\/\/www.rossocorsa.com\/it\/wp-json\/wp\/v2\/portfolio"}],"about":[{"href":"https:\/\/www.rossocorsa.com\/it\/wp-json\/wp\/v2\/types\/portfolio"}],"wp:featuredmedia":[{"embeddable":true,"href":"https:\/\/www.rossocorsa.com\/it\/wp-json\/wp\/v2\/media\/12746"}],"wp:attachment":[{"href":"https:\/\/www.rossocorsa.com\/it\/wp-json\/wp\/v2\/media?parent=12744"}],"wp:term":[{"taxonomy":"automobile","embeddable":true,"href":"https:\/\/www.rossocorsa.com\/it\/wp-json\/wp\/v2\/automobile?post=12744"},{"taxonomy":"features","embeddable":true,"href":"https:\/\/www.rossocorsa.com\/it\/wp-json\/wp\/v2\/features?post=12744"}],"curies":[{"name":"wp","href":"https:\/\/api.w.org\/{rel}","templated":true}]}}